{"id":857,"date":"2016-01-13T19:27:18","date_gmt":"2016-01-13T19:27:18","guid":{"rendered":"https:\/\/pacovelez.eu\/?page_id=857"},"modified":"2020-04-06T10:25:52","modified_gmt":"2020-04-06T10:25:52","slug":"precios","status":"publish","type":"page","link":"https:\/\/pacovelez.eu\/es\/precios\/","title":{"rendered":"Precios"},"content":{"rendered":"[et_pb_section fb_built=\u00bb1&#8243; _builder_version=\u00bb3.22&#8243;][et_pb_row _builder_version=\u00bb3.25&#8243; background_size=\u00bbinitial\u00bb background_position=\u00bbtop_left\u00bb background_repeat=\u00bbrepeat\u00bb column_structure=\u00bb2_3,1_3&#8243;][et_pb_column type=\u00bb2_3&#8243; _builder_version=\u00bb3.25&#8243; custom_padding=\u00bb|||\u00bb custom_padding__hover=\u00bb|||\u00bb][et_pb_text admin_label=\u00bbTarieven 2018&#8243; _builder_version=\u00bb4.4.2&#8243; hover_enabled=\u00bb0&#8243;]\n<h3 class=\"widget-title\">Precios 2020<\/h3>\n<ul>\n<li><b><i>habitacion doble extra amplias<\/i><\/b><\/li>\n<\/ul>\n<p>\u20ac 95,- \u00a0por noche desayuno incluido (abril hasta octubre)<\/p>\n<p>\u20ac 85,- por noche desayuno incluido \u00a0(ene\/feb\/mrt\/nov\/dec)<\/p>\n<ul>\n<li><strong><i>habitaci\u00f3n\u00a0doble <\/i><\/strong><\/li>\n<\/ul>\n<p>\u20ac 89,- por noche desayuno incluido (abril hasta octubre)<\/p>\n<p>\u20ac 79,- por noche desayuno incluido (ene\/feb\/mrt\/nov\/dec)<\/p>\n<ul>\n<li><strong><em>Appartamento<\/em><\/strong><\/li>\n<\/ul>\n<p>\u20ac 595,- por semana desayuno no incluido (abril hasta octubre)<\/p>\n<p>\u20ac 550,- por semana desayuno no incluido (ene\/feb\/mrt\/nov\/dec)<\/p>\n<ul>\n<li>Casa Paco entero<\/li>\n<\/ul>\n<p>Tambi\u00e9n puede alquilar Casa Paco entero. Se tiene acceso a 6 dormitorios, 4 ba\u00f1os, una amplia cocina y una sala de estar y comedor. Puedes alojarte aqu\u00ed con un m\u00e1ximo de 16 personas y los costos son de 300 \u20ac por noche. Hay una estancia m\u00ednima de 2 noches.<\/p>\n<p>&nbsp;<\/p>\n<ul>\n<li>Las tarifas de las habitaciones y el departamento dependen del per\u00edodo en cuesti\u00f3n. Los precios de las habitaciones son por d\u00eda e incluyen desayuno, el precio del apartamento es por semana y no incluye el desayuno.<\/li>\n<\/ul>\n[\/et_pb_text][et_pb_text admin_label=\u00bbEten &#038; drinken bij Casa Paco\u00bb _builder_version=\u00bb3.27.4&#8243;]<strong>Comida y bebida en Casa Paco<\/strong><\/p>\n<p>Los lunes, mi\u00e9rcoles y viernes, Casa Paco ofrecer\u00e1 una deliciosa cena (BBQ, Tapas, Pinchos o 3 platos) por \u20ac 19.50 por persona (sin incluir bebidas), los ni\u00f1os de hasta 12 a\u00f1os pueden comer por \u20ac 12, &#8211; por persona .<\/p>\n<p>Casa Paco tambi\u00e9n tiene un horno tradicional de pan \/ pizza. Con suficiente inter\u00e9s, tambi\u00e9n organizamos una noche de pizza, donde todos pueden preparar su propia pizza y luego preparamos la pizza en nuestro horno de le\u00f1a.<\/p>\n<p>De lunes a viernes tambi\u00e9n hay un peque\u00f1o men\u00fa de almuerzo (que incluye s\u00e1ndwiches rellenos, s\u00e1ndwiches, s\u00e1ndwiches de hamburguesas).<br \/>\n[\/et_pb_text][\/et_pb_column][et_pb_column type=\u00bb1_3&#8243; _builder_version=\u00bb3.25&#8243; custom_padding=\u00bb|||\u00bb custom_padding__hover=\u00bb|||\u00bb][et_pb_image src=\u00bbhttps:\/\/pacovelez.eu\/wp-content\/uploads\/2015\/10\/P1050927.jpg\u00bb show_in_lightbox=\u00bbon\u00bb align_tablet=\u00bbcenter\u00bb align_last_edited=\u00bbon|desktop\u00bb _builder_version=\u00bb3.23&#8243;][\/et_pb_image][et_pb_image src=\u00bbhttps:\/\/pacovelez.eu\/wp-content\/uploads\/2017\/04\/IMG_4694.jpg\u00bb show_in_lightbox=\u00bbon\u00bb align_tablet=\u00bbcenter\u00bb align_last_edited=\u00bbon|desktop\u00bb _builder_version=\u00bb3.23&#8243;][\/et_pb_image][et_pb_image src=\u00bbhttps:\/\/pacovelez.eu\/wp-content\/uploads\/2017\/07\/IMG_0961.jpg\u00bb show_in_lightbox=\u00bbon\u00bb align_tablet=\u00bbcenter\u00bb align_last_edited=\u00bbon|desktop\u00bb _builder_version=\u00bb3.23&#8243;][\/et_pb_image][\/et_pb_column][\/et_pb_row][et_pb_row _builder_version=\u00bb3.25&#8243; background_size=\u00bbinitial\u00bb background_position=\u00bbtop_left\u00bb background_repeat=\u00bbrepeat\u00bb column_structure=\u00bb2_3,1_3&#8243;][et_pb_column type=\u00bb2_3&#8243; _builder_version=\u00bb3.25&#8243; custom_padding=\u00bb|||\u00bb custom_padding__hover=\u00bb|||\u00bb][et_pb_text admin_label=\u00bbHonesty Bar en buitenkeuken\u00bb _builder_version=\u00bb3.27.4&#8243;]Honestidad Bar y cocina al aire libre<\/p>\n<p>En el \u00e1rea com\u00fan junto a la piscina tambi\u00e9n es un \u00abbar de la honestidad\u00bb, con cerveza fresca, vino, patatas fritas, helados y barras de dulce. Tambi\u00e9n encontrar\u00e1 una cafetera Dolce Gusto, microondas, hervidor de agua y peque\u00f1os utensilios de cocina.<\/p>\n<p>La nueva cocina al aire libre ha estado lista desde 2017. La cocina al aire libre tiene un acogedor bar, nevera, fregadero y plancha y tiene una hermosa vista de los alrededores. \u00a1Un lugar superior para que puedas comer y chatear! (El refrigerador en la barra exterior puede ser utilizado por los hu\u00e9spedes para enfriar frutas y \/ o peque\u00f1os alimentos, y el refrigerador no est\u00e1 destinado a bebidas tra\u00eddas por s\u00ed mismas).<br \/>\n[\/et_pb_text][\/et_pb_column][et_pb_column type=\u00bb1_3&#8243; _builder_version=\u00bb3.25&#8243; custom_padding=\u00bb|||\u00bb custom_padding__hover=\u00bb|||\u00bb][et_pb_image src=\u00bbhttps:\/\/pacovelez.eu\/wp-content\/uploads\/2017\/04\/fullsizeoutput_f74.jpeg\u00bb show_in_lightbox=\u00bbon\u00bb align_tablet=\u00bbcenter\u00bb align_last_edited=\u00bbon|desktop\u00bb _builder_version=\u00bb3.23&#8243;][\/et_pb_image][et_pb_image src=\u00bbhttps:\/\/pacovelez.eu\/wp-content\/uploads\/2015\/09\/IMG_5003.jpg\u00bb show_in_lightbox=\u00bbon\u00bb align_tablet=\u00bbcenter\u00bb align_last_edited=\u00bbon|desktop\u00bb _builder_version=\u00bb3.23&#8243;][\/et_pb_image][\/et_pb_column][\/et_pb_row][et_pb_row _builder_version=\u00bb3.25&#8243; background_size=\u00bbinitial\u00bb background_position=\u00bbtop_left\u00bb background_repeat=\u00bbrepeat\u00bb column_structure=\u00bb1_2,1_2&#8243;][et_pb_column type=\u00bb1_2&#8243; _builder_version=\u00bb3.25&#8243; custom_padding=\u00bb|||\u00bb custom_padding__hover=\u00bb|||\u00bb][et_pb_text admin_label=\u00bbOverige prijsinformatie\u00bb _builder_version=\u00bb3.27.4&#8243;]<strong>Otra informaci\u00f3n de precios<\/strong><\/p>\n<ul>\n<li>Durante las vacaciones escolares, se aplican los precios de \u00abtemporada alta\u00bb<\/li>\n<li>Las habitaciones se pueden ampliar con un dormitorio adicional, para este fin<br \/>\nse aplica un recargo del 50% de la tarifa normal de la habitaci\u00f3n<\/li>\n<li>Se aplica un cargo adicional de \u20ac 12.50 por d\u00eda por la colocaci\u00f3n de una cama extra (beb\u00e9)<\/li>\n<li>Los precios incluyen IVA<\/li>\n<li>Las habitaciones \/ apartamentos est\u00e1n disponibles a partir de las 14.00 del d\u00eda de llegada<\/li>\n<li>Las habitaciones \/ apartamentos deben estar desocupados antes de las 11 del dia de salida<\/li>\n<li>Por \u20ac 1, &#8211; por d\u00eda hay una toalla de playa en alquiler<\/li>\n<li>Puede pagar con nosotros en efectivo y \/ o con PIN<\/li>\n<\/ul>\n<p><strong>Pol\u00edtica de reserva y cancelaci\u00f3n<\/strong><\/p>\n<ul>\n<li>Requerimos un dep\u00f3sito del 20%<\/li>\n<li>El pago restante se puede pagar por adelantado o en el acto.<\/li>\n<li>La disponibilidad de la (s) habitaci\u00f3n (s) est\u00e1 garantizada despu\u00e9s de la recepci\u00f3n oportuna de su pago. Su pago se recibe en buen estado sin previo aviso.<\/li>\n<\/ul>\n<p><strong>Si se cancela, se aplicar\u00e1n los costos de cancelaci\u00f3n<\/strong><\/p>\n<ul>\n<li>desde 6 semanas antes del d\u00eda de llegada: 20% del total de los costos de alojamiento<\/li>\n<li>desde 4 semanas antes de la fecha de llegada: 75% del total de los costos de alojamiento<\/li>\n<li>desde 2 semanas antes y desde el d\u00eda de llegada: 100% del total de los costos de alojamiento<\/li>\n<li>Le aconsejamos que obtenga un buen seguro de viaje y cancelaci\u00f3n.<\/li>\n<\/ul>\n[\/et_pb_text][\/et_pb_column][et_pb_column type=\u00bb1_2&#8243; _builder_version=\u00bb3.25&#8243; custom_padding=\u00bb|||\u00bb custom_padding__hover=\u00bb|||\u00bb][et_pb_image src=\u00bbhttps:\/\/pacovelez.eu\/wp-content\/uploads\/2015\/08\/fullsizeoutput_fe8-2.jpeg\u00bb show_in_lightbox=\u00bbon\u00bb align_tablet=\u00bbcenter\u00bb align_last_edited=\u00bbon|desktop\u00bb _builder_version=\u00bb3.23&#8243;][\/et_pb_image][et_pb_text admin_label=\u00bbBetaalmiddelen\u00bb _builder_version=\u00bb3.27.4&#8243;]<strong>M\u00e9todos de pago<\/strong><br \/>\nEn Casa Paco puede pagar con PIN y tarjeta de cr\u00e9dito.<br \/>\n[\/et_pb_text][\/et_pb_column][\/et_pb_row][\/et_pb_section]\n","protected":false},"excerpt":{"rendered":"<p>Precios 2020 habitacion doble extra amplias \u20ac 95,- \u00a0por noche desayuno incluido (abril hasta octubre) \u20ac 85,- por noche desayuno incluido \u00a0(ene\/feb\/mrt\/nov\/dec) habitaci\u00f3n\u00a0doble \u20ac 89,- por noche desayuno incluido (abril hasta octubre) \u20ac 79,- por noche desayuno incluido (ene\/feb\/mrt\/nov\/dec) Appartamento \u20ac 595,- por semana desayuno no incluido (abril hasta octubre) \u20ac 550,- por semana desayuno [&hellip;]<\/p>\n","protected":false},"author":1,"featured_media":0,"parent":0,"menu_order":0,"comment_status":"closed","ping_status":"closed","template":"","meta":{"_acf_changed":false,"_et_pb_use_builder":"on","_et_pb_old_content":"<h3 class=\"widget-title\">Tarieven, eten & drinken<\/h3><p>De tarieven van de kamers en het appartement zijn afhankelijk van de betreffende periode. De prijzen van de kamers zijn per dag en inclusief ontbijt, <strong>de prijs van het appartement is per week (eventueel korter of langer te boeken) en exclusief ontbijt (voor 7,50 euro p.p.p.d. bij te boeken).<\/strong><\/p><p>\u00a0<\/p><h3 class=\"widget-title\">Tarieven 2018<\/h3><ul><li><em><strong>extra ruime twee persoonskamer<\/strong><\/em><\/li><\/ul><p>\u20ac 95,- \u00a0per nacht inclusief ontbijt (april tot en met oktober)<\/p><p>\u20ac 85,- per nacht inclusief ontbijt (jan\/feb\/mrt\/nov\/dec)<\/p><ul><li><em><strong>ruime twee persoonskamer<\/strong><\/em><\/li><\/ul><p>\u20ac 89,- per nacht inclusief ontbijt (april tot en met oktober)<\/p><p>\u20ac 79,- per nacht inclusief ontbijt (jan\/feb\/mrt\/nov\/dec)<\/p><ul><li><strong><em>Appartement<\/em><\/strong><\/li><\/ul><p>\u20ac 595,- per week exclusief ontbijt (april tot en met oktober)<\/p><p>\u20ac 550,- per week exclusief ontbijt (jan\/feb\/mrt\/nov\/dec)<\/p><ul><li>De tarieven van de kamers en het appartement zijn afhankelijk van de betreffende periode. De prijzen van de kamers zijn per dag en inclusief ontbijt, <strong>de prijs van het appartement is per week en exclusief ontbijt.<\/strong><\/li><\/ul><h3 class=\"widget-title\">Eten & drinken bij Casa Paco<\/h3><p><strong>Op maandag, woensdag en vrijdag<\/strong> verzorgt Casa Paco voor <strong>\u20ac 19,50 per persoon<\/strong> (exclusief drank)\u00a0een heerlijke avondmaaltijd (BBQ, Tapas, Pinchos of 3-gangen), kinderen t\/m 12 jaar eten mee voor <strong>\u20ac 12,- per persoon<\/strong>.<\/p><p>[gallery columns=\"4\" ids=\"453,625,1169,1167\"]<\/p><p>Casa Paco beschikt ook over een traditionele brood\/pizza oven. Bij voldoende belangstelling organiseren we ook een pizza avond, waarbij iedereen zijn\/haar eigen pizza kan samenstellen en we de pizza vervolgens bereiden in onze houtgestookte oven.<\/p><p>[gallery ids=\"543,541,438\"]<\/p><p><strong>Van maandag t\/m vrijdag<\/strong> is er ook een klein lunchkaartje (o.a. belegde broodjes, tosti, broodje hamburger) aanwezig.<\/p><p>\u00a0<\/p><h3 class=\"widget-title\">Honesty Bar en buitenkeuken<\/h3><p>In de gemeenschappelijke ruimte bij het zwembad is tevens een 'honesty bar', voorzien van fris, bier, wijn, chips, ijsjes en candy bars. Tevens vind u hier een Dolce Gusto koffiezetapparaat,\u00a0magnetron, waterkoker en klein keukengerei.<\/p><p>Begin 2017 is de nieuwe buitenkeuken gereed. De buitenkeuken beschikt over een gezellige bar, koelkast, spoelbak en grillplaat en heeft een schitterende uitzicht op de omgeving. Een topplek dus om lekker te happen en te kletsen!<\/p><h3 class=\"widget-title\">Overige prijsinformatie<\/h3><p><img class=\"alignnone wp-image-2064 size-full\" src=\"https:\/\/pacovelez.eu\/wp-content\/uploads\/2015\/09\/arrow.png\" alt=\"arrow\" width=\"16\" height=\"16\" \/> Tijdens de school vakanties gelden de \"hoog seizoen\" prijzen<br \/> <img class=\"alignnone wp-image-2064 size-full\" src=\"https:\/\/pacovelez.eu\/wp-content\/uploads\/2015\/09\/arrow.png\" alt=\"arrow\" width=\"16\" height=\"16\" \/>De kamers zijn uit te breiden met een extra slaapkamer, hiervoor<br \/> geldt een toeslag van 50% van de reguliere kamerprijs<br \/> <img class=\"alignnone wp-image-2064 size-full\" src=\"https:\/\/pacovelez.eu\/wp-content\/uploads\/2015\/09\/arrow.png\" alt=\"arrow\" width=\"16\" height=\"16\" \/>Voor het plaatsen van een extra (baby) bed\u00a0geldt een toeslag van \u20ac12,50 per\u00a0 dag<br \/> <img class=\"alignnone wp-image-2064 \" src=\"https:\/\/pacovelez.eu\/wp-content\/uploads\/2015\/09\/arrow.png\" alt=\"arrow\" width=\"16\" height=\"16\" \/>Prijzen zijn inclusief btw<\/p><p><img class=\"alignnone wp-image-2064 size-full\" src=\"https:\/\/pacovelez.eu\/wp-content\/uploads\/2015\/09\/arrow.png\" alt=\"arrow\" width=\"16\" height=\"16\" \/>Kamers\/appartement zijn vanaf 14.00 uur beschikbaar op dag van aankomst<br \/> <img class=\"alignnone wp-image-2064 size-full\" src=\"https:\/\/pacovelez.eu\/wp-content\/uploads\/2015\/09\/arrow.png\" alt=\"arrow\" width=\"16\" height=\"16\" \/>Kamers\/appartement dienen om 11.00 uur weer verlaten te zijn\u00a0bij vertrek<br \/> <img class=\"alignnone wp-image-2064 size-full\" src=\"https:\/\/pacovelez.eu\/wp-content\/uploads\/2015\/09\/arrow.png\" alt=\"arrow\" width=\"16\" height=\"16\" \/>Voor \u20ac 1,- per dag is er een strandlaken te huur<br \/> <img class=\"alignnone wp-image-2064 size-full\" src=\"https:\/\/pacovelez.eu\/wp-content\/uploads\/2015\/09\/arrow.png\" alt=\"arrow\" width=\"16\" height=\"16\" \/>Alleen vooraf betalen of contante betaling ter plaatse<\/p><h3 class=\"widget-title\">Reserverings- en annuleringsvoorwaarden<\/h3><ul><li>Wij vragen een aanbetaling van 20%<\/li><li>De restantbetaling kunt u vooraf of ter plekke afrekenen.<\/li><li>Beschikbaarheid van de kamer(s) is gegarandeerd na tijdige ontvangst van uw betaling. Zonder tegenbericht is uw betaling in goede orde ontvangen.<\/li><\/ul><h3 class=\"widget-title\">Bij annulering bedragen de annuleringskosten:<\/h3><ul><li>vanaf 6 weken voor de dag van aankomst: 20% van de totale verblijfskosten<\/li><li>vanaf 4 weken voor de dag van aankomst: 75% van de totale verblijfskosten<\/li><li>vanaf 2 weken voor en vanaf de dag van aankomst: 100% van de totale verblijfskosten<\/li><li>We adviseren u een goede reis- en annuleringsverzekering af te sluiten.<\/li><\/ul><h3 class=\"widget-title\">Betaalmiddelen<\/h3><p>Bij Casa Paco kunt u betalen met PIN en creditcard.<\/p><p><a href=\"https:\/\/pacovelez.eu\/wp-content\/uploads\/2015\/08\/fullsizeoutput_fe8-2.jpeg\"><img class=\"alignleft wp-image-2740 size-medium\" src=\"https:\/\/pacovelez.eu\/wp-content\/uploads\/2015\/08\/fullsizeoutput_fe8-2-300x225.jpeg\" alt=\"\" width=\"300\" height=\"225\" \/><\/a><\/p><p>\u00a0<\/p>","_et_gb_content_width":"","footnotes":""},"class_list":["post-857","page","type-page","status-publish","hentry"],"acf":[],"_links":{"self":[{"href":"https:\/\/pacovelez.eu\/es\/wp-json\/wp\/v2\/pages\/857","targetHints":{"allow":["GET"]}}],"collection":[{"href":"https:\/\/pacovelez.eu\/es\/wp-json\/wp\/v2\/pages"}],"about":[{"href":"https:\/\/pacovelez.eu\/es\/wp-json\/wp\/v2\/types\/page"}],"author":[{"embeddable":true,"href":"https:\/\/pacovelez.eu\/es\/wp-json\/wp\/v2\/users\/1"}],"replies":[{"embeddable":true,"href":"https:\/\/pacovelez.eu\/es\/wp-json\/wp\/v2\/comments?post=857"}],"version-history":[{"count":0,"href":"https:\/\/pacovelez.eu\/es\/wp-json\/wp\/v2\/pages\/857\/revisions"}],"wp:attachment":[{"href":"https:\/\/pacovelez.eu\/es\/wp-json\/wp\/v2\/media?parent=857"}],"curies":[{"name":"wp","href":"https:\/\/api.w.org\/{rel}","templated":true}]}}