{"id":853,"date":"2016-01-13T19:25:10","date_gmt":"2016-01-13T19:25:10","guid":{"rendered":"https:\/\/pacovelez.eu\/?page_id=853"},"modified":"2018-06-11T20:49:23","modified_gmt":"2018-06-11T20:49:23","slug":"habitaciones","status":"publish","type":"page","link":"https:\/\/pacovelez.eu\/es\/habitaciones\/","title":{"rendered":"Habitaciones"},"content":{"rendered":"[et_pb_section bb_built=\u00bb1&#8243; fullwidth=\u00bboff\u00bb specialty=\u00bboff\u00bb next_background_color=\u00bb#000000&#8243;][et_pb_row][et_pb_column type=\u00bb4_4&#8243;][et_pb_text admin_label=\u00bbkamers\u00bb _builder_version=\u00bb3.2.1&#8243;]\n<h1>Nuestra habitaciones<\/h1>\n[\/et_pb_text][et_pb_divider _builder_version=\u00bb3.0.100&#8243; show_divider=\u00bbon\u00bb height=\u00bb5px\u00bb color=\u00bb#d6d6d6&#8243; saved_tabs=\u00bball\u00bb \/][\/et_pb_column][\/et_pb_row][et_pb_row][et_pb_column type=\u00bb2_3&#8243;][et_pb_text admin_label=\u00bbExtra ruime 2-persoonskamers\u00bb _builder_version=\u00bb3.0.100&#8243; background_layout=\u00bblight\u00bb]\nHabitaciones dobles extra amplias<\/p>\n<p>Las 2 habitaciones extra amplias para 2 personas (arriba) tienen camas king size (180 x 200), aire acondicionado, cafetera y calefacci\u00f3n central. El ba\u00f1o tiene 2 lavabos, secador de pelo, toallas, champ\u00fa \/ gel de ba\u00f1o \/ loci\u00f3n corporal, jab\u00f3n y ropa de cama.<\/p>\n<p>1 de estas 2 habitaciones extra amplias para 2 personas se puede ampliar como una \u00abhabitaci\u00f3n familiar\u00bb. Para ello, hay disponible una habitaci\u00f3n doble extra (sin ba\u00f1o), que se encuentra directamente en el \u00abdormitorio principal\u00bb. Esta habitaci\u00f3n extra cuesta el 50% del precio del \u00abdormitorio principal\u00bb. Por supuesto, todas las habitaciones tienen secador de pelo, toallas y ropa de cama<\/p>\n[\/et_pb_text][et_pb_text admin_label=\u00bbRuime 2-persoonskamers\u00bb _builder_version=\u00bb3.3.1&#8243;]\n<strong>Habitaciones dobles espaciosas<\/strong><\/p>\n<p>Las 2 espaciosas habitaciones para 2 personas (planta baja) tienen amplias camas (160 x 200) ventilador o aire acondicionado y calefacci\u00f3n central. El ba\u00f1o tiene secador de pelo, toallas, champ\u00fa \/ gel de ba\u00f1o \/ loci\u00f3n corporal, jab\u00f3n y ropa de cama.<\/p>\n<p>1 de estas 2 amplias habitaciones para 2 personas se puede ampliar como una \u00abhabitaci\u00f3n familiar\u00bb. Para ello, hay disponible una habitaci\u00f3n doble extra (sin ba\u00f1o), que se encuentra directamente en el \u00abdormitorio principal\u00bb. Esta habitaci\u00f3n extra cuesta el 50% del precio del \u00abdormitorio principal\u00bb.<\/p>\n<ul>\n<li>Cama doble (somier)<\/li>\n<li>Amplio ba\u00f1o privado<\/li>\n<li>\u00c1rea de estar<\/li>\n<\/ul>\n[\/et_pb_text][\/et_pb_column][et_pb_column type=\u00bb1_3&#8243;][et_pb_gallery _builder_version=\u00bb3.0.100&#8243; posts_number=\u00bb1&#8243; show_title_and_caption=\u00bboff\u00bb show_pagination=\u00bboff\u00bb gallery_ids=\u00bb1465,1467,1469,1471,2349,2351,2415,252,251&#8243; fullwidth=\u00bbon\u00bb db_image_max_width_tablet=\u00bb51&#8243; db_image_max_height_tablet=\u00bb501&#8243; db_image_row_spacing_tablet=\u00bb51&#8243; db_image_object_fit=\u00bbinitial\u00bb orientation=\u00bblandscape\u00bb zoom_icon_color=\u00bb#ef8200&#8243; hover_overlay_color=\u00bbrgba(255,255,255,0.9)\u00bb background_layout=\u00bblight\u00bb db_image_center_titles=\u00bbleft\u00bb pagination_font_size_tablet=\u00bb51&#8243; pagination_line_height_tablet=\u00bb2&#8243; \/][\/et_pb_column][\/et_pb_row][et_pb_row][et_pb_column type=\u00bb2_3&#8243;][et_pb_text admin_label=\u00bb1 APPARTEMENT\u00bb _builder_version=\u00bb3.0.100&#8243; background_layout=\u00bblight\u00bb]\nAPARTAMENTO<\/p>\n<p>(adecuado para 2 personas con 2 cunas o 1 cama supletoria)<\/p>\n<p>El apartamento de Casa Paco ofrece a nuestros hu\u00e9spedes una estancia aut\u00e9ntica (anteriormente este era el granero de cabra) con mucha privacidad. Puede cocinar y \/ o tomar el desayuno usted mismo, tiene su propia terraza y desde el peque\u00f1o jard\u00edn puede recoger hierbas frescas usted mismo. La calefacci\u00f3n central tambi\u00e9n est\u00e1 disponible para los meses m\u00e1s fr\u00edos.<\/p>\n<p>Se puede agregar una cama adicional (o 2 cunas) al dormitorio del departamento. Si lo desea, una cama adicional tambi\u00e9n se puede agregar en la sala de estar \/ cocina.<\/p>\n<p>El apartamento se puede reservar por semana o por d\u00eda.<\/p>\n<p>Amplia habitaci\u00f3n con aire acondicionado<br \/>\nCocina viviente (incluyendo refrigerador y microondas)<br \/>\nCuarto de ba\u00f1o (secador de pelo)<br \/>\nTerraza privada privada (30m2)<br \/>\nEntrada privada<br \/>\n[\/et_pb_text][\/et_pb_column][et_pb_column type=\u00bb1_3&#8243;][et_pb_gallery _builder_version=\u00bb3.0.100&#8243; posts_number=\u00bb1&#8243; show_title_and_caption=\u00bboff\u00bb show_pagination=\u00bboff\u00bb gallery_ids=\u00bb2557,1459,2345,2549,1463&#8243; fullwidth=\u00bbon\u00bb db_image_max_width_tablet=\u00bb51&#8243; db_image_max_height_tablet=\u00bb501&#8243; db_image_row_spacing_tablet=\u00bb51&#8243; db_image_object_fit=\u00bbinitial\u00bb orientation=\u00bblandscape\u00bb zoom_icon_color=\u00bb#ef8200&#8243; hover_overlay_color=\u00bbrgba(255,255,255,0.9)\u00bb background_layout=\u00bblight\u00bb db_image_center_titles=\u00bbleft\u00bb pagination_font_size_tablet=\u00bb51&#8243; pagination_line_height_tablet=\u00bb2&#8243; \/][\/et_pb_column][\/et_pb_row][et_pb_row][et_pb_column type=\u00bb2_3&#8243;][et_pb_text admin_label=\u00bbHuisregels &amp; extra`s\u00bb _builder_version=\u00bb3.2.1&#8243;]\n<strong>Reglas de la casa y extras<\/strong><\/p>\n<ul>\n<li>Por una peque\u00f1a tarifa (\u20ac 12.50 por d\u00eda) una cama supletoria o cuna est\u00e1 disponible.<\/li>\n<li>Toallas de ba\u00f1o se pueden alquilar por \u20ac 1 por d\u00eda<\/li>\n<li>Por supuesto, las habitaciones y el apartamento cuentan con s\u00e1banas y toallas, que se cambiar\u00e1n con regularidad.<\/li>\n<li>\u00a1No est\u00e1 permitido fumar en las habitaciones!<\/li>\n<li>\u00a1Mantener y \/ o llevar mascotas no est\u00e1 permitido!<\/li>\n<\/ul>\n<p>* Las camas tambi\u00e9n est\u00e1n disponibles como una cama individual<\/p>\n[\/et_pb_text][\/et_pb_column][et_pb_column type=\u00bb1_3&#8243;][\/et_pb_column][\/et_pb_row][\/et_pb_section][et_pb_section bb_built=\u00bb1&#8243; fullwidth=\u00bboff\u00bb specialty=\u00bboff\u00bb prev_background_color=\u00bb#000000&#8243;][et_pb_row _builder_version=\u00bb3.0.100&#8243; make_fullwidth=\u00bbon\u00bb use_custom_gutter=\u00bbon\u00bb gutter_width=\u00bb1&#8243; make_equal=\u00bbon\u00bb global_module=\u00bb2968&#8243;][et_pb_column type=\u00bb4_4&#8243;][et_pb_gallery global_parent=\u00bb2968&#8243; _builder_version=\u00bb3.0.100&#8243; show_title_and_caption=\u00bboff\u00bb show_pagination=\u00bbon\u00bb gallery_ids=\u00bb1689,2559,1691,2561,1671,2681,2629,2659,2657,2655,2569,2631,2633,1399,2639,2593,2557,2571,2343,2335,525,2635,464,452,231,193,203&#8243; fullwidth=\u00bboff\u00bb db_images_per_row=\u00bb5&#8243; db_image_max_width_tablet=\u00bb51&#8243; db_image_max_height_tablet=\u00bb501&#8243; db_image_row_spacing_tablet=\u00bb1&#8243; db_image_object_fit=\u00bbcontain\u00bb orientation=\u00bblandscape\u00bb zoom_icon_color=\u00bb#ef8200&#8243; hover_overlay_color=\u00bbrgba(255,255,255,0.9)\u00bb background_layout=\u00bblight\u00bb db_image_center_titles=\u00bbleft\u00bb pagination_font_size_tablet=\u00bb51&#8243; pagination_line_height_tablet=\u00bb2&#8243; db_images_per_row_last_edited=\u00bbon|desktop\u00bb posts_number=\u00bb5&#8243; db_image_max_height_last_edited=\u00bbon|\u00bb db_image_row_spacing_last_edited=\u00bbon|phone\u00bb \/][\/et_pb_column][\/et_pb_row][\/et_pb_section]\n","protected":false},"excerpt":{"rendered":"<p><div class=\"et_pb_row et_pb_row_0 et_pb_row_empty\">\n\t\t\t\t\n\t\t\t\t\n\t\t\t\t\n\t\t\t\t\n\t\t\t\t\n\t\t\t<\/div> Nuestra habitaciones <div class=\"et_pb_row et_pb_row_1 et_pb_row_empty\">\n\t\t\t\t\n\t\t\t\t\n\t\t\t\t\n\t\t\t\t\n\t\t\t\t\n\t\t\t<\/div> Habitaciones dobles extra amplias Las 2 habitaciones extra amplias para 2 personas (arriba) tienen camas king size (180 x 200), aire acondicionado, cafetera y calefacci\u00f3n central. El ba\u00f1o tiene 2 lavabos, secador de pelo, toallas, champ\u00fa \/ gel de ba\u00f1o \/ loci\u00f3n corporal, jab\u00f3n y ropa de cama. 1 de estas [&hellip;]<\/p>\n","protected":false},"author":1,"featured_media":0,"parent":0,"menu_order":0,"comment_status":"closed","ping_status":"closed","template":"","meta":{"_acf_changed":false,"_et_pb_use_builder":"on","_et_pb_old_content":"<h3 class=\"widget-title\">2 EXTRA RUIME TWEE PERSOONSKAMERS & 2 RUIME TWEE PERSOONSKAMERS<\/h3><p>\u00a0<\/p><p>[gallery link=\"none\" columns=\"5\" ids=\"252,251,246,479,1233\"]<\/p><ul><li><em><strong>Extra ruime 2-persoonskamers<\/strong><\/em><\/li><\/ul><p>De 2 extra ruime 2-persoonskamers (bovenverdieping) beschikken over king size bedden (180 x 200), airconditioning, koffiezetapparaat en centrale verwarming. De ensuite badkamer beschikt over 2 wasbakken, f\u00f6hn, handdoeken, shampoo\/douchegel\/body lotion, zeep en linnengoed.<\/p><p>1 van deze 2 extra ruime 2-persoonskamers is uit te breiden als 'familiekamer'. Hiertoe is er een extra 2 persoonskamer (zonder badkamer) beschikbaar, welke direct gelegen is aan de 'ouderslaapkamer'. Deze extra kamer kost 50% van de prijs van de 'ouderslaapkamer'. Natuurlijk beschikken alle kamers over een f\u00f6hn, handdoeken en linnengoed.<\/p><ul><li><em><strong>Ruime 2-persoonskamers<\/strong><\/em><\/li><\/ul><p>De 2 ruime 2-persoonskamers (onderverdieping) beschikken over ruime bedden (160 x 200) ventilator en centrale verwarming. De ensuite badkamer beschikt over een f\u00f6hn, handdoeken, shampoo\/douchegel\/body lotion,zeep en linnengoed.<\/p><p>1 van deze 2 ruime 2-persoonskamers is uit te breiden als 'familiekamer'. Hiertoe is er een extra 2 persoonskamer (zonder badkamer) beschikbaar, welke direct gelegen is aan de 'ouderslaapkamer'. Deze extra kamer kost 50% van de prijs van de 'ouderslaapkamer'.<\/p><p><a href=\"https:\/\/pacovelez.eu\/wp-content\/uploads\/2015\/09\/arrow.png\"><img class=\"alignnone size-full wp-image-2064\" src=\"https:\/\/pacovelez.eu\/wp-content\/uploads\/2015\/09\/arrow.png\" alt=\"arrow\" width=\"16\" height=\"16\" \/><\/a>\u00a0Tweepersoonsbed (boxspring)<a href=\"https:\/\/pacovelez.eu\/wp-content\/uploads\/2015\/09\/arrow.png\"><img class=\"alignnone size-full wp-image-2064\" src=\"https:\/\/pacovelez.eu\/wp-content\/uploads\/2015\/09\/arrow.png\" alt=\"arrow\" width=\"16\" height=\"16\" \/><\/a>Ruime eigen badkamer<br \/> <a href=\"https:\/\/pacovelez.eu\/wp-content\/uploads\/2015\/09\/arrow.png\"><img class=\"alignnone size-full wp-image-2064\" src=\"https:\/\/pacovelez.eu\/wp-content\/uploads\/2015\/09\/arrow.png\" alt=\"arrow\" width=\"16\" height=\"16\" \/><\/a>Zithoek<br \/> <a href=\"https:\/\/pacovelez.eu\/wp-content\/uploads\/2015\/09\/arrow.png\"><img class=\"alignnone size-full wp-image-2064\" src=\"https:\/\/pacovelez.eu\/wp-content\/uploads\/2015\/09\/arrow.png\" alt=\"arrow\" width=\"16\" height=\"16\" \/><\/a><a href=\"https:\/\/pacovelez.eu\/tarieven\/\">Tarieven<\/a><\/p><h3 class=\"widget-title\">1 APPARTEMENT<\/h3><p><strong>(geschikt voor 2 personen uit te breiden met 2 babybedjes of 1 extra bed)<\/strong><\/p><p>[gallery link=\"none\" size=\"medium\" columns=\"4\" ids=\"248,250,253,645\"]<\/p><p>Het appartement van Casa Paco biedt onze gasten een authentiek verblijf (vroeger was dit de geitenstal) met veel privacy. Je kan er zelf koken en\/of ontbijten, je hebt je eigen terras en uit het kleine tuintje kan je zelf nog verse kruiden plukken. Voor de wat koelere maanden is er tevens centrale verwarming aanwezig.<\/p><p><em><strong>Het appartement kan per week of per dag geboekt worden.<\/strong><\/em><\/p><p><a href=\"https:\/\/pacovelez.eu\/wp-content\/uploads\/2015\/09\/arrow.png\"><img class=\"alignnone size-full wp-image-2064\" src=\"https:\/\/pacovelez.eu\/wp-content\/uploads\/2015\/09\/arrow.png\" alt=\"arrow\" width=\"16\" height=\"16\" \/><\/a> Ruime slaapkamer met airconditioning<a href=\"https:\/\/pacovelez.eu\/wp-content\/uploads\/2015\/09\/arrow.png\"><img class=\"alignnone size-full wp-image-2064\" src=\"https:\/\/pacovelez.eu\/wp-content\/uploads\/2015\/09\/arrow.png\" alt=\"arrow\" width=\"16\" height=\"16\" \/><\/a>Woonkeuken (voorzien van o.a.\u00a0koelkast en\u00a0magnetron)<br \/> <a href=\"https:\/\/pacovelez.eu\/wp-content\/uploads\/2015\/09\/arrow.png\"><img class=\"alignnone size-full wp-image-2064\" src=\"https:\/\/pacovelez.eu\/wp-content\/uploads\/2015\/09\/arrow.png\" alt=\"arrow\" width=\"16\" height=\"16\" \/><\/a>Badkamer (o.a. voorzien van een wasmachine en f\u00f6hn)<br \/> <a href=\"https:\/\/pacovelez.eu\/wp-content\/uploads\/2015\/09\/arrow.png\"><img class=\"alignnone size-full wp-image-2064\" src=\"https:\/\/pacovelez.eu\/wp-content\/uploads\/2015\/09\/arrow.png\" alt=\"arrow\" width=\"16\" height=\"16\" \/><\/a>Eigen besloten terras (30m2)<br \/> <a href=\"https:\/\/pacovelez.eu\/wp-content\/uploads\/2015\/09\/arrow.png\"><img class=\"alignnone size-full wp-image-2064\" src=\"https:\/\/pacovelez.eu\/wp-content\/uploads\/2015\/09\/arrow.png\" alt=\"arrow\" width=\"16\" height=\"16\" \/><\/a>Eigen entree<br \/> <a href=\"https:\/\/pacovelez.eu\/wp-content\/uploads\/2015\/09\/arrow.png\"><img class=\"alignnone size-full wp-image-2064\" src=\"https:\/\/pacovelez.eu\/wp-content\/uploads\/2015\/09\/arrow.png\" alt=\"arrow\" width=\"16\" height=\"16\" \/><\/a><a href=\"https:\/\/pacovelez.eu\/tarieven\/\">Tarieven<\/a><\/p><h3 class=\"widget-title\">Huisregels & extra`s<\/h3><p><a href=\"https:\/\/pacovelez.eu\/wp-content\/uploads\/2015\/09\/vink.gif\"><img class=\"alignnone wp-image-2068\" src=\"https:\/\/pacovelez.eu\/wp-content\/uploads\/2015\/09\/vink.gif\" alt=\"\" width=\"16\" height=\"16\" \/><\/a>\u00a0Tegen een kleine vergoeding (\u20ac 12,50 per dag) is er een extra bed of kinderbed beschikbaar.<\/p><p><a href=\"https:\/\/pacovelez.eu\/wp-content\/uploads\/2015\/09\/vink.gif\"><img class=\"alignnone wp-image-2068\" src=\"https:\/\/pacovelez.eu\/wp-content\/uploads\/2015\/09\/vink.gif\" alt=\"\" width=\"16\" height=\"16\" \/><\/a>Voor \u20ac 1 per dag zijn er badhanddoeken te huur<br \/> <a href=\"https:\/\/pacovelez.eu\/wp-content\/uploads\/2015\/09\/vink.gif\"><img class=\"alignnone wp-image-2068\" src=\"https:\/\/pacovelez.eu\/wp-content\/uploads\/2015\/09\/vink.gif\" alt=\"\" width=\"16\" height=\"16\" \/><\/a>Natuurlijk zijn de kamers en het appartement voorzien van linnengoed enhanddoeken,welke regelmatig verschoond zullen worden.<br \/> <a href=\"https:\/\/pacovelez.eu\/wp-content\/uploads\/2015\/09\/forbidden.png\"><img class=\"alignnone wp-image-2066 size-full\" src=\"https:\/\/pacovelez.eu\/wp-content\/uploads\/2015\/09\/forbidden.png\" alt=\"\" width=\"16\" height=\"16\" \/><\/a>Het is niet toegestaan om op de kamers te roken!<a href=\"https:\/\/pacovelez.eu\/wp-content\/uploads\/2015\/09\/forbidden.png\"><img class=\"alignnone wp-image-2066 size-full\" src=\"https:\/\/pacovelez.eu\/wp-content\/uploads\/2015\/09\/forbidden.png\" alt=\"\" width=\"16\" height=\"16\" \/><\/a>Het houden en\/of meenemen van huisdieren is niet toegestaan!<strong>\u00a0<\/strong>\u00a0<em>* De bedden zijn ook als 1-persoonsbed beschikbaar<\/em><\/p>","_et_gb_content_width":"","footnotes":""},"class_list":["post-853","page","type-page","status-publish","hentry"],"acf":[],"_links":{"self":[{"href":"https:\/\/pacovelez.eu\/es\/wp-json\/wp\/v2\/pages\/853","targetHints":{"allow":["GET"]}}],"collection":[{"href":"https:\/\/pacovelez.eu\/es\/wp-json\/wp\/v2\/pages"}],"about":[{"href":"https:\/\/pacovelez.eu\/es\/wp-json\/wp\/v2\/types\/page"}],"author":[{"embeddable":true,"href":"https:\/\/pacovelez.eu\/es\/wp-json\/wp\/v2\/users\/1"}],"replies":[{"embeddable":true,"href":"https:\/\/pacovelez.eu\/es\/wp-json\/wp\/v2\/comments?post=853"}],"version-history":[{"count":0,"href":"https:\/\/pacovelez.eu\/es\/wp-json\/wp\/v2\/pages\/853\/revisions"}],"wp:attachment":[{"href":"https:\/\/pacovelez.eu\/es\/wp-json\/wp\/v2\/media?parent=853"}],"curies":[{"name":"wp","href":"https:\/\/api.w.org\/{rel}","templated":true}]}}